{"id":2509,"date":"2025-06-20T14:17:53","date_gmt":"2025-06-20T12:17:53","guid":{"rendered":"https:\/\/terre-de-chamans.com\/?page_id=2509"},"modified":"2026-04-01T15:00:50","modified_gmt":"2026-04-01T13:00:50","slug":"retraite-chamanique-toulouse","status":"publish","type":"page","link":"https:\/\/terre-de-chamans.com\/index.php\/retraite-chamanique-toulouse\/","title":{"rendered":"Retraite Chamanique Toulouse"},"content":{"rendered":"\t\t<div data-elementor-type=\"wp-page\" data-elementor-id=\"2509\" class=\"elementor elementor-2509\">\n\t\t\t\t\t\t<section class=\"elementor-section elementor-top-section elementor-element elementor-element-a32a4de elementor-section-boxed elementor-section-height-default elementor-section-height-default\" data-id=\"a32a4de\" data-element_type=\"section\" data-e-type=\"section\" data-settings=\"{&quot;background_background&quot;:&quot;classic&quot;}\">\n\t\t\t\t\t\t<div class=\"elementor-container elementor-column-gap-default\">\n\t\t\t\t\t<div class=\"elementor-column elementor-col-100 elementor-top-column elementor-element elementor-element-c2ac570\" data-id=\"c2ac570\" data-element_type=\"column\" data-e-type=\"column\">\n\t\t\t<div class=\"elementor-widget-wrap elementor-element-populated\">\n\t\t\t\t\t\t<div class=\"elementor-element elementor-element-935e561 elementor-widget elementor-widget-spacer\" data-id=\"935e561\" data-element_type=\"widget\" data-e-type=\"widget\" data-widget_type=\"spacer.default\">\n\t\t\t\t<div class=\"elementor-widget-container\">\n\t\t\t\t\t\t\t<div class=\"elementor-spacer\">\n\t\t\t<div class=\"elementor-spacer-inner\"><\/div>\n\t\t<\/div>\n\t\t\t\t\t\t<\/div>\n\t\t\t\t<\/div>\n\t\t\t\t\t<\/div>\n\t\t<\/div>\n\t\t\t\t\t<\/div>\n\t\t<\/section>\n\t\t\t\t<section class=\"elementor-section elementor-top-section elementor-element elementor-element-394a263 elementor-section-boxed elementor-section-height-default elementor-section-height-default\" data-id=\"394a263\" data-element_type=\"section\" data-e-type=\"section\" data-settings=\"{&quot;background_background&quot;:&quot;classic&quot;}\">\n\t\t\t\t\t\t\t<div class=\"elementor-background-overlay\"><\/div>\n\t\t\t\t\t\t\t<div class=\"elementor-container elementor-column-gap-default\">\n\t\t\t\t\t<div class=\"elementor-column elementor-col-100 elementor-top-column elementor-element elementor-element-42a3772\" data-id=\"42a3772\" data-element_type=\"column\" data-e-type=\"column\">\n\t\t\t<div class=\"elementor-widget-wrap elementor-element-populated\">\n\t\t\t\t\t\t<div class=\"elementor-element elementor-element-c8e2d76 elementor-widget elementor-widget-elementskit-heading\" data-id=\"c8e2d76\" data-element_type=\"widget\" data-e-type=\"widget\" data-widget_type=\"elementskit-heading.default\">\n\t\t\t\t<div class=\"elementor-widget-container\">\n\t\t\t\t\t<div class=\"ekit-wid-con\" ><div class=\"ekit-heading elementskit-section-title-wraper text_center   ekit_heading_tablet-   ekit_heading_mobile-\"><h1 class=\"ekit-heading--title elementskit-section-title \">Retraite Chamanique Toulouse - L'Appel de l'\u00c2me<\/h1><h3 class=\"ekit-heading--subtitle elementskit-section-subtitle  \">\n\t\t\t\t\t\tL&#039;Essence des Mots\n\t\t\t\t\t<\/h3>\t\t\t\t<div class='ekit-heading__description'>\n\t\t\t\t\t<p>Avec le chaman br\u00e9silien Tony Paix\u00e3o<\/p>\n\t\t\t\t<\/div>\n\t\t\t<\/div><\/div>\t\t\t\t<\/div>\n\t\t\t\t<\/div>\n\t\t\t\t<section class=\"elementor-section elementor-inner-section elementor-element elementor-element-7df3ede elementor-section-content-middle elementor-section-boxed elementor-section-height-default elementor-section-height-default\" data-id=\"7df3ede\" data-element_type=\"section\" data-e-type=\"section\">\n\t\t\t\t\t\t<div class=\"elementor-container elementor-column-gap-default\">\n\t\t\t\t\t<div class=\"elementor-column elementor-col-100 elementor-inner-column elementor-element elementor-element-2253e92\" data-id=\"2253e92\" data-element_type=\"column\" data-e-type=\"column\">\n\t\t\t<div class=\"elementor-widget-wrap elementor-element-populated\">\n\t\t\t\t\t\t<div class=\"elementor-element elementor-element-a99951e elementor-align-left elementor-widget__width-auto elementor-widget elementor-widget-elementskit-button\" data-id=\"a99951e\" data-element_type=\"widget\" data-e-type=\"widget\" data-widget_type=\"elementskit-button.default\">\n\t\t\t\t<div class=\"elementor-widget-container\">\n\t\t\t\t\t<div class=\"ekit-wid-con\" >\t\t<div class=\"ekit-btn-wraper\">\n\t\t\t\t\t\t\t<a class=\"elementskit-btn  whitespace--normal\" id=\"\">\n\t\t\t\t\tINSCRIPTION\t\t\t\t<\/a>\n\t\t\t\t\t<\/div>\n        <\/div>\t\t\t\t<\/div>\n\t\t\t\t<\/div>\n\t\t\t\t\t<\/div>\n\t\t<\/div>\n\t\t\t\t\t<\/div>\n\t\t<\/section>\n\t\t\t\t\t<\/div>\n\t\t<\/div>\n\t\t\t\t\t<\/div>\n\t\t<\/section>\n\t\t\t\t<section class=\"elementor-section elementor-top-section elementor-element elementor-element-49aad5f elementor-section-boxed elementor-section-height-default elementor-section-height-default\" data-id=\"49aad5f\" data-element_type=\"section\" data-e-type=\"section\" data-settings=\"{&quot;background_background&quot;:&quot;classic&quot;}\">\n\t\t\t\t\t\t<div class=\"elementor-container elementor-column-gap-default\">\n\t\t\t\t\t<div class=\"elementor-column elementor-col-100 elementor-top-column elementor-element elementor-element-9388db7\" data-id=\"9388db7\" data-element_type=\"column\" data-e-type=\"column\">\n\t\t\t<div class=\"elementor-widget-wrap elementor-element-populated\">\n\t\t\t\t\t\t<div class=\"elementor-element elementor-element-ba87121 elementor-widget elementor-widget-spacer\" data-id=\"ba87121\" data-element_type=\"widget\" data-e-type=\"widget\" data-widget_type=\"spacer.default\">\n\t\t\t\t<div class=\"elementor-widget-container\">\n\t\t\t\t\t\t\t<div class=\"elementor-spacer\">\n\t\t\t<div class=\"elementor-spacer-inner\"><\/div>\n\t\t<\/div>\n\t\t\t\t\t\t<\/div>\n\t\t\t\t<\/div>\n\t\t\t\t\t<\/div>\n\t\t<\/div>\n\t\t\t\t\t<\/div>\n\t\t<\/section>\n\t\t\t\t<section class=\"elementor-section elementor-top-section elementor-element elementor-element-fc8e863 elementor-section-boxed elementor-section-height-default elementor-section-height-default\" data-id=\"fc8e863\" data-element_type=\"section\" data-e-type=\"section\" data-settings=\"{&quot;background_background&quot;:&quot;classic&quot;}\">\n\t\t\t\t\t\t<div class=\"elementor-container elementor-column-gap-default\">\n\t\t\t\t\t<div class=\"elementor-column elementor-col-100 elementor-top-column elementor-element elementor-element-07fc916\" data-id=\"07fc916\" data-element_type=\"column\" data-e-type=\"column\">\n\t\t\t<div class=\"elementor-widget-wrap elementor-element-populated\">\n\t\t\t\t\t\t<div class=\"elementor-element elementor-element-d7c73d7 elementor-widget elementor-widget-text-editor\" data-id=\"d7c73d7\" data-element_type=\"widget\" data-e-type=\"widget\" data-widget_type=\"text-editor.default\">\n\t\t\t\t<div class=\"elementor-widget-container\">\n\t\t\t\t\t\t\t\t\t<p>Apr\u00e8s le succ\u00e8s de la premi\u00e8re retraite chamanique propos\u00e9e par <a href=\"https:\/\/terre-de-chamans.com\/index.php\/tony-paixao-chaman-bresilien\/\" target=\"_blank\" rel=\"noopener\"><strong>Tony Paix\u00e3o<\/strong><\/a> \u00e0 Toulouse, nous avons d\u00e9cid\u00e9 de renouveler cette exp\u00e9rience profonde et transformatrice.<\/p><p>Nous sommes heureux de vous inviter \u00e0 une nouvelle <strong>retraite chamanique<\/strong>, guid\u00e9e par <strong>Tony Paix\u00e3o<\/strong>, sur un th\u00e8me \u00e0 la fois subtil, puissant et profond\u00e9ment actuel :<\/p>\t\t\t\t\t\t\t\t<\/div>\n\t\t\t\t<\/div>\n\t\t\t\t\t<\/div>\n\t\t<\/div>\n\t\t\t\t\t<\/div>\n\t\t<\/section>\n\t\t\t\t<section class=\"elementor-section elementor-top-section elementor-element elementor-element-1f4c962 elementor-section-boxed elementor-section-height-default elementor-section-height-default\" data-id=\"1f4c962\" data-element_type=\"section\" data-e-type=\"section\" data-settings=\"{&quot;background_background&quot;:&quot;classic&quot;}\">\n\t\t\t\t\t\t<div class=\"elementor-container elementor-column-gap-default\">\n\t\t\t\t\t<div class=\"elementor-column elementor-col-100 elementor-top-column elementor-element elementor-element-d8ee536\" data-id=\"d8ee536\" data-element_type=\"column\" data-e-type=\"column\">\n\t\t\t<div class=\"elementor-widget-wrap elementor-element-populated\">\n\t\t\t\t\t\t<div class=\"elementor-element elementor-element-3d04227 elementor-widget elementor-widget-heading\" data-id=\"3d04227\" data-element_type=\"widget\" data-e-type=\"widget\" data-widget_type=\"heading.default\">\n\t\t\t\t<div class=\"elementor-widget-container\">\n\t\t\t\t\t<h2 class=\"elementor-heading-title elementor-size-default\">L\u2019Essence des Mots<\/h2>\t\t\t\t<\/div>\n\t\t\t\t<\/div>\n\t\t\t\t\t<\/div>\n\t\t<\/div>\n\t\t\t\t\t<\/div>\n\t\t<\/section>\n\t\t\t\t<section class=\"elementor-section elementor-top-section elementor-element elementor-element-1abc327 elementor-section-boxed elementor-section-height-default elementor-section-height-default\" data-id=\"1abc327\" data-element_type=\"section\" data-e-type=\"section\" data-settings=\"{&quot;background_background&quot;:&quot;classic&quot;}\">\n\t\t\t\t\t\t<div class=\"elementor-container elementor-column-gap-default\">\n\t\t\t\t\t<div class=\"elementor-column elementor-col-100 elementor-top-column elementor-element elementor-element-7f3ecbc\" data-id=\"7f3ecbc\" data-element_type=\"column\" data-e-type=\"column\">\n\t\t\t<div class=\"elementor-widget-wrap elementor-element-populated\">\n\t\t\t\t\t\t<div class=\"elementor-element elementor-element-73fca42 elementor-widget elementor-widget-text-editor\" data-id=\"73fca42\" data-element_type=\"widget\" data-e-type=\"widget\" data-widget_type=\"text-editor.default\">\n\t\t\t\t<div class=\"elementor-widget-container\">\n\t\t\t\t\t\t\t\t\t<p data-start=\"614\" data-end=\"809\">Les mots ne sont jamais neutres. Ils portent une vibration, une intention, une m\u00e9moire. Ils peuvent gu\u00e9rir ou blesser, ouvrir ou fermer, relier ou s\u00e9parer. Dans les traditions chamaniques, la parole est sacr\u00e9e : elle cr\u00e9e, elle transforme, elle invoque.<\/p><p data-start=\"614\" data-end=\"809\"><strong>Du vendredi soir au Dimanche apr\u00e8s-midi<\/strong>, nous explorerons ensemble la <strong>puissance vibratoire des mots<\/strong>, qu\u2019ils soient prononc\u00e9s, pens\u00e9s, chant\u00e9s ou tus. \u00c0 travers les enseignements de <strong>Tony Paix\u00e3o<\/strong> et des temps d\u2019introspection, vous serez amen\u00e9s \u00e0 observer votre relation aux mots : ceux que vous utilisez envers vous-m\u00eame, envers les autres, et ceux que vous portez parfois depuis longtemps sans en avoir conscience.<\/p>\t\t\t\t\t\t\t\t<\/div>\n\t\t\t\t<\/div>\n\t\t\t\t\t<\/div>\n\t\t<\/div>\n\t\t\t\t\t<\/div>\n\t\t<\/section>\n\t\t\t\t<section class=\"elementor-section elementor-top-section elementor-element elementor-element-405e399 elementor-section-boxed elementor-section-height-default elementor-section-height-default\" data-id=\"405e399\" data-element_type=\"section\" data-e-type=\"section\" data-settings=\"{&quot;background_background&quot;:&quot;classic&quot;}\">\n\t\t\t\t\t\t<div class=\"elementor-container elementor-column-gap-default\">\n\t\t\t\t\t<div class=\"elementor-column elementor-col-50 elementor-top-column elementor-element elementor-element-e917faa\" data-id=\"e917faa\" data-element_type=\"column\" data-e-type=\"column\">\n\t\t\t<div class=\"elementor-widget-wrap elementor-element-populated\">\n\t\t\t\t\t\t<div class=\"elementor-element elementor-element-99b00b4 elementor-widget elementor-widget-text-editor\" data-id=\"99b00b4\" data-element_type=\"widget\" data-e-type=\"widget\" data-widget_type=\"text-editor.default\">\n\t\t\t\t<div class=\"elementor-widget-container\">\n\t\t\t\t\t\t\t\t\t<p data-start=\"816\" data-end=\"856\"><strong>Au programme de cette immersion :<\/strong><\/p>\t\t\t\t\t\t\t\t<\/div>\n\t\t\t\t<\/div>\n\t\t\t\t<div class=\"elementor-element elementor-element-260d9be elementor-widget elementor-widget-text-editor\" data-id=\"260d9be\" data-element_type=\"widget\" data-e-type=\"widget\" data-widget_type=\"text-editor.default\">\n\t\t\t\t<div class=\"elementor-widget-container\">\n\t\t\t\t\t\t\t\t\t<ul data-start=\"857\" data-end=\"1186\"><li data-start=\"857\" data-end=\"904\"><p data-start=\"859\" data-end=\"904\"><strong data-start=\"859\" data-end=\"881\">C\u00e9r\u00e9monies sacr\u00e9es<\/strong> et cercles de parole<\/p><\/li><li data-start=\"905\" data-end=\"961\"><p data-start=\"907\" data-end=\"961\"><strong data-start=\"907\" data-end=\"943\"><a href=\"https:\/\/terre-de-chamans.com\/index.php\/hutte-de-sudation\/?preview_id=59&amp;preview_nonce=382ee2a6a5&amp;preview=true\" target=\"_blank\" rel=\"noopener\">Hutte de sudation<\/a> *<\/strong>,<\/p><\/li><li data-start=\"962\" data-end=\"1015\"><p data-start=\"964\" data-end=\"1015\"><strong data-start=\"964\" data-end=\"983\">Chants sacr\u00e9s<\/strong>, contes initiatiques, pri\u00e8res,<\/p><\/li><li data-start=\"1016\" data-end=\"1078\"><p data-start=\"1018\" data-end=\"1078\"><strong data-start=\"1018\" data-end=\"1040\">Cr\u00e9ation intuitive<\/strong><\/p><\/li><li data-start=\"1079\" data-end=\"1127\"><p data-start=\"1081\" data-end=\"1127\"><strong data-start=\"1081\" data-end=\"1108\">Rituels de purification<\/strong> avec les plantes,<\/p><\/li><li data-start=\"1128\" data-end=\"1186\"><p data-start=\"1130\" data-end=\"1186\"><strong>M\u00e9ditation<\/strong>, respiration consciente, offrandes \u00e0 la Terre.<\/p><\/li><\/ul><p><strong>Consultez le programme complet [<a href=\"https:\/\/terre-de-chamans.com\/wp-content\/uploads\/2025\/12\/Retraite-Chamanique-LEssence-des-Mots.pdf\" target=\"_blank\" rel=\"noopener\">ICI<\/a>]<\/strong><\/p>\t\t\t\t\t\t\t\t<\/div>\n\t\t\t\t<\/div>\n\t\t\t\t<div class=\"elementor-element elementor-element-4321f8c elementor-widget elementor-widget-text-editor\" data-id=\"4321f8c\" data-element_type=\"widget\" data-e-type=\"widget\" data-widget_type=\"text-editor.default\">\n\t\t\t\t<div class=\"elementor-widget-container\">\n\t\t\t\t\t\t\t\t\t<p><strong>Pour qui ?<\/strong><\/p>\t\t\t\t\t\t\t\t<\/div>\n\t\t\t\t<\/div>\n\t\t\t\t<div class=\"elementor-element elementor-element-378d06f elementor-widget elementor-widget-text-editor\" data-id=\"378d06f\" data-element_type=\"widget\" data-e-type=\"widget\" data-widget_type=\"text-editor.default\">\n\t\t\t\t<div class=\"elementor-widget-container\">\n\t\t\t\t\t\t\t\t\t<p data-start=\"1211\" data-end=\"1436\">Cette retraite s\u2019adresse \u00e0 toute personne en qu\u00eate de sens, de gu\u00e9rison ou de reconnexion profonde \u2013 aucun pr\u00e9requis n\u2019est n\u00e9cessaire, juste l\u2019\u00e9lan du c\u0153ur et l\u2019ouverture \u00e0 vivre une exp\u00e9rience authentique et transformatrice.<\/p>\t\t\t\t\t\t\t\t<\/div>\n\t\t\t\t<\/div>\n\t\t\t\t\t<\/div>\n\t\t<\/div>\n\t\t\t\t<div class=\"elementor-column elementor-col-50 elementor-top-column elementor-element elementor-element-91fb312\" data-id=\"91fb312\" data-element_type=\"column\" data-e-type=\"column\">\n\t\t\t<div class=\"elementor-widget-wrap elementor-element-populated\">\n\t\t\t\t\t\t<div class=\"elementor-element elementor-element-e683733 elementor-widget elementor-widget-image\" data-id=\"e683733\" data-element_type=\"widget\" data-e-type=\"widget\" data-widget_type=\"image.default\">\n\t\t\t\t<div class=\"elementor-widget-container\">\n\t\t\t\t\t\t\t\t\t\t\t\t\t\t\t<img fetchpriority=\"high\" decoding=\"async\" width=\"768\" height=\"1024\" src=\"https:\/\/terre-de-chamans.com\/wp-content\/uploads\/2025\/12\/hutte_de_sudation_toulouse_tony_paixao-768x1024.jpg\" class=\"attachment-large size-large wp-image-2937\" alt=\"\" srcset=\"https:\/\/terre-de-chamans.com\/wp-content\/uploads\/2025\/12\/hutte_de_sudation_toulouse_tony_paixao-768x1024.jpg 768w, https:\/\/terre-de-chamans.com\/wp-content\/uploads\/2025\/12\/hutte_de_sudation_toulouse_tony_paixao-225x300.jpg 225w, https:\/\/terre-de-chamans.com\/wp-content\/uploads\/2025\/12\/hutte_de_sudation_toulouse_tony_paixao-1152x1536.jpg 1152w, https:\/\/terre-de-chamans.com\/wp-content\/uploads\/2025\/12\/hutte_de_sudation_toulouse_tony_paixao.jpg 1536w\" sizes=\"(max-width: 768px) 100vw, 768px\" \/>\t\t\t\t\t\t\t\t\t\t\t\t\t\t\t<\/div>\n\t\t\t\t<\/div>\n\t\t\t\t\t<\/div>\n\t\t<\/div>\n\t\t\t\t\t<\/div>\n\t\t<\/section>\n\t\t\t\t<section class=\"elementor-section elementor-top-section elementor-element elementor-element-15384e0 elementor-section-boxed elementor-section-height-default elementor-section-height-default\" data-id=\"15384e0\" data-element_type=\"section\" data-e-type=\"section\" data-settings=\"{&quot;background_background&quot;:&quot;classic&quot;}\">\n\t\t\t\t\t\t<div class=\"elementor-container elementor-column-gap-default\">\n\t\t\t\t\t<div class=\"elementor-column elementor-col-100 elementor-top-column elementor-element elementor-element-5af3114\" data-id=\"5af3114\" data-element_type=\"column\" data-e-type=\"column\">\n\t\t\t<div class=\"elementor-widget-wrap\">\n\t\t\t\t\t\t\t<\/div>\n\t\t<\/div>\n\t\t\t\t\t<\/div>\n\t\t<\/section>\n\t\t\t\t<section class=\"elementor-section elementor-top-section elementor-element elementor-element-08a3af2 elementor-section-boxed elementor-section-height-default elementor-section-height-default\" data-id=\"08a3af2\" data-element_type=\"section\" data-e-type=\"section\" data-settings=\"{&quot;background_background&quot;:&quot;classic&quot;}\">\n\t\t\t\t\t\t<div class=\"elementor-container elementor-column-gap-default\">\n\t\t\t\t\t<div class=\"elementor-column elementor-col-100 elementor-top-column elementor-element elementor-element-ebf23f8\" data-id=\"ebf23f8\" data-element_type=\"column\" data-e-type=\"column\">\n\t\t\t<div class=\"elementor-widget-wrap elementor-element-populated\">\n\t\t\t\t\t\t<div class=\"elementor-element elementor-element-c20159a elementor-widget elementor-widget-text-editor\" data-id=\"c20159a\" data-element_type=\"widget\" data-e-type=\"widget\" data-widget_type=\"text-editor.default\">\n\t\t\t\t<div class=\"elementor-widget-container\">\n\t\t\t\t\t\t\t\t\t<p data-start=\"1443\" data-end=\"1482\"><strong>Date:<\/strong><\/p>\t\t\t\t\t\t\t\t<\/div>\n\t\t\t\t<\/div>\n\t\t\t\t<div class=\"elementor-element elementor-element-fefcd63 elementor-widget elementor-widget-text-editor\" data-id=\"fefcd63\" data-element_type=\"widget\" data-e-type=\"widget\" data-widget_type=\"text-editor.default\">\n\t\t\t\t<div class=\"elementor-widget-container\">\n\t\t\t\t\t\t\t\t\t<p data-start=\"1483\" data-end=\"1673\"><strong>2027 : du vendredi 08 \u00e0 18h au dimanche 10 octobre \u00e0 16h<\/strong><\/p><p data-start=\"1483\" data-end=\"1673\"><!--StartFragment --><\/p><p>Le lien de r\u00e9servation sera disponible <strong>courant 2027<\/strong>. Cependant, si tu souhaites rejoindre l\u2019aventure d\u00e8s maintenant, tu peux participer \u00e0 la <strong>pr\u00e9vente<\/strong>. Il te suffit de nous contacter et de nous transmettre ton adresse e\u2011mail : tu recevras alors le lien en avant\u2011premi\u00e8re, environ quinze jours avant le lancement officiel des inscriptions, \u00e9galement pr\u00e9vu <strong>courant 2027<\/strong>.<\/p><p data-start=\"1483\" data-end=\"1673\"><!--EndFragment --><\/p>\t\t\t\t\t\t\t\t<\/div>\n\t\t\t\t<\/div>\n\t\t\t\t\t<\/div>\n\t\t<\/div>\n\t\t\t\t\t<\/div>\n\t\t<\/section>\n\t\t\t\t<section class=\"elementor-section elementor-top-section elementor-element elementor-element-8839a7b elementor-section-boxed elementor-section-height-default elementor-section-height-default\" data-id=\"8839a7b\" data-element_type=\"section\" data-e-type=\"section\" data-settings=\"{&quot;background_background&quot;:&quot;classic&quot;}\">\n\t\t\t\t\t\t<div class=\"elementor-container elementor-column-gap-default\">\n\t\t\t\t\t<div class=\"elementor-column elementor-col-100 elementor-top-column elementor-element elementor-element-d913e65\" data-id=\"d913e65\" data-element_type=\"column\" data-e-type=\"column\">\n\t\t\t<div class=\"elementor-widget-wrap elementor-element-populated\">\n\t\t\t\t\t\t<div class=\"elementor-element elementor-element-3bb1281 elementor-widget elementor-widget-text-editor\" data-id=\"3bb1281\" data-element_type=\"widget\" data-e-type=\"widget\" data-widget_type=\"text-editor.default\">\n\t\t\t\t<div class=\"elementor-widget-container\">\n\t\t\t\t\t\t\t\t\t<p data-start=\"1443\" data-end=\"1482\"><strong>Le lieu : La Pleine Enchant\u00e9e<\/strong><\/p>\t\t\t\t\t\t\t\t<\/div>\n\t\t\t\t<\/div>\n\t\t\t\t<div class=\"elementor-element elementor-element-827dabb elementor-widget elementor-widget-text-editor\" data-id=\"827dabb\" data-element_type=\"widget\" data-e-type=\"widget\" data-widget_type=\"text-editor.default\">\n\t\t\t\t<div class=\"elementor-widget-container\">\n\t\t\t\t\t\t\t\t\t<p data-start=\"1483\" data-end=\"1673\">Un havre de paix situ\u00e9 \u00e0 Castagnac (31), \u00e0 une heure de Toulouse, en pleine nature. Un espace de ressourcement entour\u00e9 d\u2019arbres, propice \u00e0 l\u2019introspection, aux rituels et \u00e0 la vie en cercle.<\/p><p data-start=\"1675\" data-end=\"1737\">H\u00e9bergement en dortoir ou en camping selon les disponibilit\u00e9s.<\/p>\t\t\t\t\t\t\t\t<\/div>\n\t\t\t\t<\/div>\n\t\t\t\t\t<\/div>\n\t\t<\/div>\n\t\t\t\t\t<\/div>\n\t\t<\/section>\n\t\t\t\t<section class=\"elementor-section elementor-top-section elementor-element elementor-element-7b4103a elementor-section-boxed elementor-section-height-default elementor-section-height-default\" data-id=\"7b4103a\" data-element_type=\"section\" data-e-type=\"section\" data-settings=\"{&quot;background_background&quot;:&quot;classic&quot;}\">\n\t\t\t\t\t\t<div class=\"elementor-container elementor-column-gap-default\">\n\t\t\t\t\t<div class=\"elementor-column elementor-col-100 elementor-top-column elementor-element elementor-element-5d80726\" data-id=\"5d80726\" data-element_type=\"column\" data-e-type=\"column\">\n\t\t\t<div class=\"elementor-widget-wrap elementor-element-populated\">\n\t\t\t\t\t\t<div class=\"elementor-element elementor-element-1da0b07 elementor-widget elementor-widget-text-editor\" data-id=\"1da0b07\" data-element_type=\"widget\" data-e-type=\"widget\" data-widget_type=\"text-editor.default\">\n\t\t\t\t<div class=\"elementor-widget-container\">\n\t\t\t\t\t\t\t\t\t<p data-start=\"1443\" data-end=\"1482\"><strong>Informations pratiques :<\/strong><\/p>\t\t\t\t\t\t\t\t<\/div>\n\t\t\t\t<\/div>\n\t\t\t\t<div class=\"elementor-element elementor-element-189374b elementor-widget elementor-widget-text-editor\" data-id=\"189374b\" data-element_type=\"widget\" data-e-type=\"widget\" data-widget_type=\"text-editor.default\">\n\t\t\t\t<div class=\"elementor-widget-container\">\n\t\t\t\t\t\t\t\t\t<p data-start=\"1483\" data-end=\"1673\"><strong>Participation \u00e0 la retraite chamanique. Hors h\u00e9bergement et repas. Hors adh\u00e9sion \u00e0 l&rsquo;association.<\/strong><\/p><p><strong>Tarif Solidaire<\/strong> : Pour celles et ceux dont les ressources sont limit\u00e9es &#8211; 3 places disponibles.<\/p><p>300\u20ac par personne<\/p><p><strong>Tarif Equilibre<\/strong> : Pour celles et ceux qui peuvent contribuer \u00e0 juste mesure &#8211; 5 places disponibles.<\/p><p>350\u20ac par personne<\/p><p><strong>Plein Juste<\/strong> : Tarif standard, qui couvre les frais r\u00e9els.<\/p><p>390\u20ac par personne<\/p><p><strong><em>Les \u00e9v\u00e8nements divers organis\u00e9s par Terre de Chamans sont r\u00e9serv\u00e9s aux adh\u00e9rents de l&rsquo;association.<\/em><\/strong><\/p><p><strong>Adh\u00e9sion annuelle : <\/strong>5\u20ac an\/personne<\/p>\t\t\t\t\t\t\t\t<\/div>\n\t\t\t\t<\/div>\n\t\t\t\t\t<\/div>\n\t\t<\/div>\n\t\t\t\t\t<\/div>\n\t\t<\/section>\n\t\t\t\t<section class=\"elementor-section elementor-top-section elementor-element elementor-element-1d86326 elementor-section-boxed elementor-section-height-default elementor-section-height-default\" data-id=\"1d86326\" data-element_type=\"section\" data-e-type=\"section\" data-settings=\"{&quot;background_background&quot;:&quot;classic&quot;}\">\n\t\t\t\t\t\t<div class=\"elementor-container elementor-column-gap-default\">\n\t\t\t\t\t<div class=\"elementor-column elementor-col-100 elementor-top-column elementor-element elementor-element-fa1aa37\" data-id=\"fa1aa37\" data-element_type=\"column\" data-e-type=\"column\">\n\t\t\t<div class=\"elementor-widget-wrap elementor-element-populated\">\n\t\t\t\t\t\t<div class=\"elementor-element elementor-element-af1b294 elementor-widget elementor-widget-text-editor\" data-id=\"af1b294\" data-element_type=\"widget\" data-e-type=\"widget\" data-widget_type=\"text-editor.default\">\n\t\t\t\t<div class=\"elementor-widget-container\">\n\t\t\t\t\t\t\t\t\t<p><strong>H\u00e9bergement :<\/strong><\/p>\t\t\t\t\t\t\t\t<\/div>\n\t\t\t\t<\/div>\n\t\t\t\t<div class=\"elementor-element elementor-element-6ed3606 elementor-widget elementor-widget-text-editor\" data-id=\"6ed3606\" data-element_type=\"widget\" data-e-type=\"widget\" data-widget_type=\"text-editor.default\">\n\t\t\t\t<div class=\"elementor-widget-container\">\n\t\t\t\t\t\t\t\t\t<p data-start=\"1483\" data-end=\"1673\">Vous avez la possibilit\u00e9 de loger sur place, en chambre partag\u00e9e.<\/p><p data-start=\"1483\" data-end=\"1673\">Tarif : 25 \u20ac par personne et par nuit.<\/p><p data-start=\"1483\" data-end=\"1673\">Il faut apporter son propre linge de lit : drap housse de 90*190, une taie d\u2019oreiller 65*65, et une housse de couette de<br \/>dimension \u00e9gale ou sup\u00e9rieure \u00e0 150*200 ou bien un drap plat ou un sac de couchage.<\/p><p data-start=\"1483\" data-end=\"1673\">Possibilit\u00e9 de louer le linge de maison si besoin : lot de 2 serviettes de toilette : 2\u20ac et ensemble drap housse \/ drap plat \/ taie d\u2019oreiller : 5\u20ac<\/p>\t\t\t\t\t\t\t\t<\/div>\n\t\t\t\t<\/div>\n\t\t\t\t\t<\/div>\n\t\t<\/div>\n\t\t\t\t\t<\/div>\n\t\t<\/section>\n\t\t\t\t<section class=\"elementor-section elementor-top-section elementor-element elementor-element-67e5962 elementor-section-boxed elementor-section-height-default elementor-section-height-default\" data-id=\"67e5962\" data-element_type=\"section\" data-e-type=\"section\" data-settings=\"{&quot;background_background&quot;:&quot;classic&quot;}\">\n\t\t\t\t\t\t<div class=\"elementor-container elementor-column-gap-default\">\n\t\t\t\t\t<div class=\"elementor-column elementor-col-100 elementor-top-column elementor-element elementor-element-9726751\" data-id=\"9726751\" data-element_type=\"column\" data-e-type=\"column\">\n\t\t\t<div class=\"elementor-widget-wrap elementor-element-populated\">\n\t\t\t\t\t\t<div class=\"elementor-element elementor-element-50e94a9 elementor-widget elementor-widget-text-editor\" data-id=\"50e94a9\" data-element_type=\"widget\" data-e-type=\"widget\" data-widget_type=\"text-editor.default\">\n\t\t\t\t<div class=\"elementor-widget-container\">\n\t\t\t\t\t\t\t\t\t<p><strong>Forfait repas &#8211; pension compl\u00e8te<\/strong><\/p>\t\t\t\t\t\t\t\t<\/div>\n\t\t\t\t<\/div>\n\t\t\t\t\t<\/div>\n\t\t<\/div>\n\t\t\t\t\t<\/div>\n\t\t<\/section>\n\t\t\t\t<section class=\"elementor-section elementor-top-section elementor-element elementor-element-438657e elementor-section-boxed elementor-section-height-default elementor-section-height-default\" data-id=\"438657e\" data-element_type=\"section\" data-e-type=\"section\" data-settings=\"{&quot;background_background&quot;:&quot;classic&quot;}\">\n\t\t\t\t\t\t<div class=\"elementor-container elementor-column-gap-default\">\n\t\t\t\t\t<div class=\"elementor-column elementor-col-100 elementor-top-column elementor-element elementor-element-dd7cd19\" data-id=\"dd7cd19\" data-element_type=\"column\" data-e-type=\"column\">\n\t\t\t<div class=\"elementor-widget-wrap elementor-element-populated\">\n\t\t\t\t\t\t<div class=\"elementor-element elementor-element-e832781 elementor-widget__width-initial elementor-widget elementor-widget-text-editor\" data-id=\"e832781\" data-element_type=\"widget\" data-e-type=\"widget\" data-widget_type=\"text-editor.default\">\n\t\t\t\t<div class=\"elementor-widget-container\">\n\t\t\t\t\t\t\t\t\t<p><strong>Forfait repas &#8211; pension compl\u00e8te<\/strong><\/p><p>Disponible \u00e0 partir de 10 personnes. Repas v\u00e9g\u00e9tarien pour convenir au plus grand nombre.<\/p><p><strong>Tarif :<\/strong> 70 \u20ac par personne<\/p><p>Il comprend :<\/p><ul><li>deux petit d\u00e9jeuners (samedi et dimanche)<\/li><li>deux d\u00e9jeuners (samedi et dimanche)<\/li><li>deux diners (vendredi et samedi)<\/li><\/ul>\t\t\t\t\t\t\t\t<\/div>\n\t\t\t\t<\/div>\n\t\t\t\t<div class=\"elementor-element elementor-element-70246e9 elementor-widget elementor-widget-spacer\" data-id=\"70246e9\" data-element_type=\"widget\" data-e-type=\"widget\" data-widget_type=\"spacer.default\">\n\t\t\t\t<div class=\"elementor-widget-container\">\n\t\t\t\t\t\t\t<div class=\"elementor-spacer\">\n\t\t\t<div class=\"elementor-spacer-inner\"><\/div>\n\t\t<\/div>\n\t\t\t\t\t\t<\/div>\n\t\t\t\t<\/div>\n\t\t\t\t\t<\/div>\n\t\t<\/div>\n\t\t\t\t\t<\/div>\n\t\t<\/section>\n\t\t\t\t<section class=\"elementor-section elementor-top-section elementor-element elementor-element-b2e2c40 elementor-section-boxed elementor-section-height-default elementor-section-height-default\" data-id=\"b2e2c40\" data-element_type=\"section\" data-e-type=\"section\" data-settings=\"{&quot;background_background&quot;:&quot;classic&quot;}\">\n\t\t\t\t\t\t<div class=\"elementor-container elementor-column-gap-default\">\n\t\t\t\t\t<div class=\"elementor-column elementor-col-100 elementor-top-column elementor-element elementor-element-225a377\" data-id=\"225a377\" data-element_type=\"column\" data-e-type=\"column\">\n\t\t\t<div class=\"elementor-widget-wrap elementor-element-populated\">\n\t\t\t\t\t\t<div class=\"elementor-element elementor-element-b4944c9 elementor-align-center elementor-widget elementor-widget-button\" data-id=\"b4944c9\" data-element_type=\"widget\" data-e-type=\"widget\" data-widget_type=\"button.default\">\n\t\t\t\t<div class=\"elementor-widget-container\">\n\t\t\t\t\t\t\t\t\t<div class=\"elementor-button-wrapper\">\n\t\t\t\t\t<a class=\"elementor-button elementor-size-sm\" role=\"button\">\n\t\t\t\t\t\t<span class=\"elementor-button-content-wrapper\">\n\t\t\t\t\t\t\t\t\t<span class=\"elementor-button-text\">Je r\u00e9serve ma place<\/span>\n\t\t\t\t\t<\/span>\n\t\t\t\t\t<\/a>\n\t\t\t\t<\/div>\n\t\t\t\t\t\t\t\t<\/div>\n\t\t\t\t<\/div>\n\t\t\t\t<div class=\"elementor-element elementor-element-0f70970 elementor-widget elementor-widget-spacer\" data-id=\"0f70970\" data-element_type=\"widget\" data-e-type=\"widget\" data-widget_type=\"spacer.default\">\n\t\t\t\t<div class=\"elementor-widget-container\">\n\t\t\t\t\t\t\t<div class=\"elementor-spacer\">\n\t\t\t<div class=\"elementor-spacer-inner\"><\/div>\n\t\t<\/div>\n\t\t\t\t\t\t<\/div>\n\t\t\t\t<\/div>\n\t\t\t\t<div class=\"elementor-element elementor-element-250e757 elementor-widget elementor-widget-text-editor\" data-id=\"250e757\" data-element_type=\"widget\" data-e-type=\"widget\" data-widget_type=\"text-editor.default\">\n\t\t\t\t<div class=\"elementor-widget-container\">\n\t\t\t\t\t\t\t\t\t<p><em>* <strong>La C\u00e9r\u00e9monie de la Hutte de Sudation<\/strong> est ouverte \u00e0 tous sur certaines conditions : Elle est contre-indiqu\u00e9e aux personnes souffrant de probl\u00e8mes cardiaques, d&rsquo;hypertension ou d&rsquo;hypotension, de troubles circulatoires graves, de probl\u00e8mes r\u00e9naux, de diab\u00e8te, d&rsquo;\u00e9pilepsie ou bien si vous \u00eates enceinte.<\/em><\/p><p><em>En participant \u00e0 la hutte de sudation, vous acceptez de prendre la responsabilit\u00e9 de votre propre sant\u00e9 et de votre bien-\u00eatre. Nous mettons tout en \u0153uvre pour assurer la s\u00e9curit\u00e9 des participants, mais il est important de se rappeler que la hutte de sudation implique l&rsquo;exposition \u00e0 des temp\u00e9ratures \u00e9lev\u00e9es et \u00e0 une forte humidit\u00e9. Par cons\u00e9quent, il est essentiel de respecter les r\u00e8gles de s\u00e9curit\u00e9 et les conseils donn\u00e9s par les organisateurs pour \u00e9viter tout probl\u00e8me de sant\u00e9 ou incident. Il est \u00e9galement important de bien s&rsquo;hydrater avant et apr\u00e8s la c\u00e9r\u00e9monie pour \u00e9viter la d\u00e9shydratation.<\/em><\/p>\t\t\t\t\t\t\t\t<\/div>\n\t\t\t\t<\/div>\n\t\t\t\t\t<\/div>\n\t\t<\/div>\n\t\t\t\t\t<\/div>\n\t\t<\/section>\n\t\t\t\t<section class=\"elementor-section elementor-top-section elementor-element elementor-element-9187146 elementor-section-boxed elementor-section-height-default elementor-section-height-default\" data-id=\"9187146\" data-element_type=\"section\" data-e-type=\"section\" data-settings=\"{&quot;background_background&quot;:&quot;classic&quot;}\">\n\t\t\t\t\t\t<div class=\"elementor-container elementor-column-gap-default\">\n\t\t\t\t\t<div class=\"elementor-column elementor-col-100 elementor-top-column elementor-element elementor-element-8d03dbe\" data-id=\"8d03dbe\" data-element_type=\"column\" data-e-type=\"column\">\n\t\t\t<div class=\"elementor-widget-wrap elementor-element-populated\">\n\t\t\t\t\t\t<div class=\"elementor-element elementor-element-524a55e elementor-widget elementor-widget-spacer\" data-id=\"524a55e\" data-element_type=\"widget\" data-e-type=\"widget\" data-widget_type=\"spacer.default\">\n\t\t\t\t<div class=\"elementor-widget-container\">\n\t\t\t\t\t\t\t<div class=\"elementor-spacer\">\n\t\t\t<div class=\"elementor-spacer-inner\"><\/div>\n\t\t<\/div>\n\t\t\t\t\t\t<\/div>\n\t\t\t\t<\/div>\n\t\t\t\t\t<\/div>\n\t\t<\/div>\n\t\t\t\t\t<\/div>\n\t\t<\/section>\n\t\t\t\t<\/div>\n\t\t","protected":false},"excerpt":{"rendered":"<p>Retraite Chamanique Toulouse &#8211; L&rsquo;Appel de l&rsquo;\u00c2me L&#039;Essence des Mots Avec le chaman br\u00e9silien Tony Paix\u00e3o INSCRIPTION Apr\u00e8s le succ\u00e8s de la premi\u00e8re retraite chamanique propos\u00e9e par Tony Paix\u00e3o \u00e0 Toulouse, nous avons d\u00e9cid\u00e9 de renouveler cette exp\u00e9rience profonde et transformatrice. Nous sommes heureux de vous inviter \u00e0 une nouvelle retraite chamanique, guid\u00e9e par Tony [&hellip;]<\/p>\n","protected":false},"author":1,"featured_media":0,"parent":0,"menu_order":0,"comment_status":"closed","ping_status":"closed","template":"","meta":{"footnotes":""},"class_list":["post-2509","page","type-page","status-publish","hentry"],"yoast_head":"<!-- This site is optimized with the Yoast SEO plugin v27.5 - https:\/\/yoast.com\/product\/yoast-seo-wordpress\/ -->\n<title>Retraite Chamanique Toulouse - Terre de chamans<\/title>\n<meta name=\"description\" content=\"Retraite chamanique avec Tony Paix\u00e3o pr\u00e8s de Toulouse. Rituels ancestraux, hutte de sudation et reconnexion \u00e0 soi au c\u0153ur de la nature.\" \/>\n<meta name=\"robots\" content=\"index, follow, max-snippet:-1, max-image-preview:large, max-video-preview:-1\" \/>\n<link rel=\"canonical\" href=\"https:\/\/terre-de-chamans.com\/index.php\/retraite-chamanique-toulouse\/\" \/>\n<meta property=\"og:locale\" content=\"fr_FR\" \/>\n<meta property=\"og:type\" content=\"article\" \/>\n<meta property=\"og:title\" content=\"Retraite Chamanique Toulouse - Terre de chamans\" \/>\n<meta property=\"og:description\" content=\"Retraite chamanique avec Tony Paix\u00e3o pr\u00e8s de Toulouse. Rituels ancestraux, hutte de sudation et reconnexion \u00e0 soi au c\u0153ur de la nature.\" \/>\n<meta property=\"og:url\" content=\"https:\/\/terre-de-chamans.com\/index.php\/retraite-chamanique-toulouse\/\" \/>\n<meta property=\"og:site_name\" content=\"Terre de chamans\" \/>\n<meta property=\"article:publisher\" content=\"https:\/\/www.facebook.com\/terredechamans\/\" \/>\n<meta property=\"article:modified_time\" content=\"2026-04-01T13:00:50+00:00\" \/>\n<meta property=\"og:image\" content=\"https:\/\/terre-de-chamans.com\/wp-content\/uploads\/2025\/12\/hutte_de_sudation_toulouse_tony_paixao.jpg\" \/>\n\t<meta property=\"og:image:width\" content=\"1536\" \/>\n\t<meta property=\"og:image:height\" content=\"2048\" \/>\n\t<meta property=\"og:image:type\" content=\"image\/jpeg\" \/>\n<meta name=\"twitter:card\" content=\"summary_large_image\" \/>\n<meta name=\"twitter:label1\" content=\"Dur\u00e9e de lecture estim\u00e9e\" \/>\n\t<meta name=\"twitter:data1\" content=\"4 minutes\" \/>\n<script type=\"application\/ld+json\" class=\"yoast-schema-graph\">{\"@context\":\"https:\\\/\\\/schema.org\",\"@graph\":[{\"@type\":\"WebPage\",\"@id\":\"https:\\\/\\\/terre-de-chamans.com\\\/index.php\\\/retraite-chamanique-toulouse\\\/\",\"url\":\"https:\\\/\\\/terre-de-chamans.com\\\/index.php\\\/retraite-chamanique-toulouse\\\/\",\"name\":\"Retraite Chamanique Toulouse - Terre de chamans\",\"isPartOf\":{\"@id\":\"https:\\\/\\\/terre-de-chamans.com\\\/#website\"},\"primaryImageOfPage\":{\"@id\":\"https:\\\/\\\/terre-de-chamans.com\\\/index.php\\\/retraite-chamanique-toulouse\\\/#primaryimage\"},\"image\":{\"@id\":\"https:\\\/\\\/terre-de-chamans.com\\\/index.php\\\/retraite-chamanique-toulouse\\\/#primaryimage\"},\"thumbnailUrl\":\"https:\\\/\\\/terre-de-chamans.com\\\/wp-content\\\/uploads\\\/2025\\\/12\\\/hutte_de_sudation_toulouse_tony_paixao-768x1024.jpg\",\"datePublished\":\"2025-06-20T12:17:53+00:00\",\"dateModified\":\"2026-04-01T13:00:50+00:00\",\"description\":\"Retraite chamanique avec Tony Paix\u00e3o pr\u00e8s de Toulouse. Rituels ancestraux, hutte de sudation et reconnexion \u00e0 soi au c\u0153ur de la nature.\",\"breadcrumb\":{\"@id\":\"https:\\\/\\\/terre-de-chamans.com\\\/index.php\\\/retraite-chamanique-toulouse\\\/#breadcrumb\"},\"inLanguage\":\"fr-FR\",\"potentialAction\":[{\"@type\":\"ReadAction\",\"target\":[\"https:\\\/\\\/terre-de-chamans.com\\\/index.php\\\/retraite-chamanique-toulouse\\\/\"]}]},{\"@type\":\"ImageObject\",\"inLanguage\":\"fr-FR\",\"@id\":\"https:\\\/\\\/terre-de-chamans.com\\\/index.php\\\/retraite-chamanique-toulouse\\\/#primaryimage\",\"url\":\"https:\\\/\\\/terre-de-chamans.com\\\/wp-content\\\/uploads\\\/2025\\\/12\\\/hutte_de_sudation_toulouse_tony_paixao.jpg\",\"contentUrl\":\"https:\\\/\\\/terre-de-chamans.com\\\/wp-content\\\/uploads\\\/2025\\\/12\\\/hutte_de_sudation_toulouse_tony_paixao.jpg\",\"width\":1536,\"height\":2048},{\"@type\":\"BreadcrumbList\",\"@id\":\"https:\\\/\\\/terre-de-chamans.com\\\/index.php\\\/retraite-chamanique-toulouse\\\/#breadcrumb\",\"itemListElement\":[{\"@type\":\"ListItem\",\"position\":1,\"name\":\"Accueil\",\"item\":\"https:\\\/\\\/terre-de-chamans.com\\\/\"},{\"@type\":\"ListItem\",\"position\":2,\"name\":\"Retraite Chamanique Toulouse\"}]},{\"@type\":\"WebSite\",\"@id\":\"https:\\\/\\\/terre-de-chamans.com\\\/#website\",\"url\":\"https:\\\/\\\/terre-de-chamans.com\\\/\",\"name\":\"Terre de chamans\",\"description\":\"spiritualit\u00e9 et chamanisme\",\"publisher\":{\"@id\":\"https:\\\/\\\/terre-de-chamans.com\\\/#organization\"},\"potentialAction\":[{\"@type\":\"SearchAction\",\"target\":{\"@type\":\"EntryPoint\",\"urlTemplate\":\"https:\\\/\\\/terre-de-chamans.com\\\/?s={search_term_string}\"},\"query-input\":{\"@type\":\"PropertyValueSpecification\",\"valueRequired\":true,\"valueName\":\"search_term_string\"}}],\"inLanguage\":\"fr-FR\"},{\"@type\":\"Organization\",\"@id\":\"https:\\\/\\\/terre-de-chamans.com\\\/#organization\",\"name\":\"TERRE DE CHAMANS\",\"url\":\"https:\\\/\\\/terre-de-chamans.com\\\/\",\"logo\":{\"@type\":\"ImageObject\",\"inLanguage\":\"fr-FR\",\"@id\":\"https:\\\/\\\/terre-de-chamans.com\\\/#\\\/schema\\\/logo\\\/image\\\/\",\"url\":\"https:\\\/\\\/terre-de-chamans.com\\\/wp-content\\\/uploads\\\/2020\\\/10\\\/logo-terre-de-chamans.jpg\",\"contentUrl\":\"https:\\\/\\\/terre-de-chamans.com\\\/wp-content\\\/uploads\\\/2020\\\/10\\\/logo-terre-de-chamans.jpg\",\"width\":1860,\"height\":1845,\"caption\":\"TERRE DE CHAMANS\"},\"image\":{\"@id\":\"https:\\\/\\\/terre-de-chamans.com\\\/#\\\/schema\\\/logo\\\/image\\\/\"},\"sameAs\":[\"https:\\\/\\\/www.facebook.com\\\/terredechamans\\\/\"]}]}<\/script>\n<!-- \/ Yoast SEO plugin. -->","yoast_head_json":{"title":"Retraite Chamanique Toulouse - Terre de chamans","description":"Retraite chamanique avec Tony Paix\u00e3o pr\u00e8s de Toulouse. Rituels ancestraux, hutte de sudation et reconnexion \u00e0 soi au c\u0153ur de la nature.","robots":{"index":"index","follow":"follow","max-snippet":"max-snippet:-1","max-image-preview":"max-image-preview:large","max-video-preview":"max-video-preview:-1"},"canonical":"https:\/\/terre-de-chamans.com\/index.php\/retraite-chamanique-toulouse\/","og_locale":"fr_FR","og_type":"article","og_title":"Retraite Chamanique Toulouse - Terre de chamans","og_description":"Retraite chamanique avec Tony Paix\u00e3o pr\u00e8s de Toulouse. Rituels ancestraux, hutte de sudation et reconnexion \u00e0 soi au c\u0153ur de la nature.","og_url":"https:\/\/terre-de-chamans.com\/index.php\/retraite-chamanique-toulouse\/","og_site_name":"Terre de chamans","article_publisher":"https:\/\/www.facebook.com\/terredechamans\/","article_modified_time":"2026-04-01T13:00:50+00:00","og_image":[{"width":1536,"height":2048,"url":"https:\/\/terre-de-chamans.com\/wp-content\/uploads\/2025\/12\/hutte_de_sudation_toulouse_tony_paixao.jpg","type":"image\/jpeg"}],"twitter_card":"summary_large_image","twitter_misc":{"Dur\u00e9e de lecture estim\u00e9e":"4 minutes"},"schema":{"@context":"https:\/\/schema.org","@graph":[{"@type":"WebPage","@id":"https:\/\/terre-de-chamans.com\/index.php\/retraite-chamanique-toulouse\/","url":"https:\/\/terre-de-chamans.com\/index.php\/retraite-chamanique-toulouse\/","name":"Retraite Chamanique Toulouse - Terre de chamans","isPartOf":{"@id":"https:\/\/terre-de-chamans.com\/#website"},"primaryImageOfPage":{"@id":"https:\/\/terre-de-chamans.com\/index.php\/retraite-chamanique-toulouse\/#primaryimage"},"image":{"@id":"https:\/\/terre-de-chamans.com\/index.php\/retraite-chamanique-toulouse\/#primaryimage"},"thumbnailUrl":"https:\/\/terre-de-chamans.com\/wp-content\/uploads\/2025\/12\/hutte_de_sudation_toulouse_tony_paixao-768x1024.jpg","datePublished":"2025-06-20T12:17:53+00:00","dateModified":"2026-04-01T13:00:50+00:00","description":"Retraite chamanique avec Tony Paix\u00e3o pr\u00e8s de Toulouse. Rituels ancestraux, hutte de sudation et reconnexion \u00e0 soi au c\u0153ur de la nature.","breadcrumb":{"@id":"https:\/\/terre-de-chamans.com\/index.php\/retraite-chamanique-toulouse\/#breadcrumb"},"inLanguage":"fr-FR","potentialAction":[{"@type":"ReadAction","target":["https:\/\/terre-de-chamans.com\/index.php\/retraite-chamanique-toulouse\/"]}]},{"@type":"ImageObject","inLanguage":"fr-FR","@id":"https:\/\/terre-de-chamans.com\/index.php\/retraite-chamanique-toulouse\/#primaryimage","url":"https:\/\/terre-de-chamans.com\/wp-content\/uploads\/2025\/12\/hutte_de_sudation_toulouse_tony_paixao.jpg","contentUrl":"https:\/\/terre-de-chamans.com\/wp-content\/uploads\/2025\/12\/hutte_de_sudation_toulouse_tony_paixao.jpg","width":1536,"height":2048},{"@type":"BreadcrumbList","@id":"https:\/\/terre-de-chamans.com\/index.php\/retraite-chamanique-toulouse\/#breadcrumb","itemListElement":[{"@type":"ListItem","position":1,"name":"Accueil","item":"https:\/\/terre-de-chamans.com\/"},{"@type":"ListItem","position":2,"name":"Retraite Chamanique Toulouse"}]},{"@type":"WebSite","@id":"https:\/\/terre-de-chamans.com\/#website","url":"https:\/\/terre-de-chamans.com\/","name":"Terre de chamans","description":"spiritualit\u00e9 et chamanisme","publisher":{"@id":"https:\/\/terre-de-chamans.com\/#organization"},"potentialAction":[{"@type":"SearchAction","target":{"@type":"EntryPoint","urlTemplate":"https:\/\/terre-de-chamans.com\/?s={search_term_string}"},"query-input":{"@type":"PropertyValueSpecification","valueRequired":true,"valueName":"search_term_string"}}],"inLanguage":"fr-FR"},{"@type":"Organization","@id":"https:\/\/terre-de-chamans.com\/#organization","name":"TERRE DE CHAMANS","url":"https:\/\/terre-de-chamans.com\/","logo":{"@type":"ImageObject","inLanguage":"fr-FR","@id":"https:\/\/terre-de-chamans.com\/#\/schema\/logo\/image\/","url":"https:\/\/terre-de-chamans.com\/wp-content\/uploads\/2020\/10\/logo-terre-de-chamans.jpg","contentUrl":"https:\/\/terre-de-chamans.com\/wp-content\/uploads\/2020\/10\/logo-terre-de-chamans.jpg","width":1860,"height":1845,"caption":"TERRE DE CHAMANS"},"image":{"@id":"https:\/\/terre-de-chamans.com\/#\/schema\/logo\/image\/"},"sameAs":["https:\/\/www.facebook.com\/terredechamans\/"]}]}},"_links":{"self":[{"href":"https:\/\/terre-de-chamans.com\/index.php\/wp-json\/wp\/v2\/pages\/2509","targetHints":{"allow":["GET"]}}],"collection":[{"href":"https:\/\/terre-de-chamans.com\/index.php\/wp-json\/wp\/v2\/pages"}],"about":[{"href":"https:\/\/terre-de-chamans.com\/index.php\/wp-json\/wp\/v2\/types\/page"}],"author":[{"embeddable":true,"href":"https:\/\/terre-de-chamans.com\/index.php\/wp-json\/wp\/v2\/users\/1"}],"replies":[{"embeddable":true,"href":"https:\/\/terre-de-chamans.com\/index.php\/wp-json\/wp\/v2\/comments?post=2509"}],"version-history":[{"count":99,"href":"https:\/\/terre-de-chamans.com\/index.php\/wp-json\/wp\/v2\/pages\/2509\/revisions"}],"predecessor-version":[{"id":2991,"href":"https:\/\/terre-de-chamans.com\/index.php\/wp-json\/wp\/v2\/pages\/2509\/revisions\/2991"}],"wp:attachment":[{"href":"https:\/\/terre-de-chamans.com\/index.php\/wp-json\/wp\/v2\/media?parent=2509"}],"curies":[{"name":"wp","href":"https:\/\/api.w.org\/{rel}","templated":true}]}}